{"id":726,"date":"2017-07-31T11:07:19","date_gmt":"2017-07-31T10:07:19","guid":{"rendered":"http:\/\/iglesies.cat\/cambra\/assegurances-de-lloguers-i-comunitats\/"},"modified":"2026-01-16T08:53:04","modified_gmt":"2026-01-16T07:53:04","slug":"seguros-de-alquileres-y-comunidades","status":"publish","type":"page","link":"https:\/\/www.cambrapropietatgirona.com\/es\/seguros-de-alquileres-y-comunidades\/","title":{"rendered":"Seguros de alquiler y comunidades"},"content":{"rendered":"<h1><strong>Seguros de alquiler y comunidades<\/strong><\/h1>\n<h2>Le ofrecemos lo que necesita para garantizarle su tranquilidad en todo lo que hace referencia a su vivienda alquilada. Nuestros seguros le pueden cubrir los riesgos de impago de rentas, actos vand\u00e1licos, desperfectos en el piso alquilado, gastos para la reclamaci\u00f3n judicial.<\/h2>\n<p>Usted puede optar por el modelo de seguro que mas le convenga.<\/p>\n<p><strong>Impago de alquileres<\/strong><\/p>\n<p>Le garantizan el cobro de las rentas impagadas hasta 12 mensualidades, en caso de desahucio del inquilino por falta de pago.<\/p>\n<p><strong>Defensa jur\u00eddica<\/strong><\/p>\n<p>Cubre los gastos de abogado y procurador (hasta 3.000 \u20ac) que comporta la reclamaci\u00f3n judicial necesaria para recuperar la posesi\u00f3n de su piso.<\/p>\n<p><strong>Actos vand\u00e1licos ocasionados en su vivienda<\/strong><\/p>\n<p>Pueden cubrir el riesgo de los da\u00f1os en el continente que se puedan causar al piso alquilado por hechos malintencionados del inquilino.<\/p>\n<p><b>Seguros multirriesgo del hogar<\/b><\/p>\n<p>En la C\u00e1mara de la Propiedad Urbana de Girona puede informarse sobre los seguros para proteger el continente y el contenido de una propiedad. Cubren incendios, robos, da\u00f1os ocasionados por el agua, rotura de vidrios o espejos, de m\u00e1rmoles, de placas vitroceramicas, da\u00f1os est\u00e9ticos, sustituci\u00f3n de cerraduras por p\u00e9rdida de llaves y otros.<\/p>\n<p><strong>Seguros de edificios y comunidades<\/strong><\/p>\n<p>Las comunidades de propietarios de edificios deben disponer de un seguro que permita la reparaci\u00f3n y\/o reconstrucci\u00f3n en caso de producirse un siniestro total o parcial del inmueble. Tambi\u00e9n deben disponer de una cobertura suplementaria de responsabilidad civil por los da\u00f1os a terceros que tengan como origen el inmueble (desprendimientos de la fachada, por ejemplo).<\/p>\n<p>La C\u00e1mara de la Propiedad Urbana de Girona puede informar de m\u00faltiples seguros con coberturas complementarias para atender da\u00f1os por agua privativos o comunitarios, los provocados por atascos de tuber\u00edas, rotura de cristales, filtraciones de agua, incendios, da\u00f1os est\u00e9ticos, hurtos y de otros.<\/p>\n<p>Encontrar\u00e1 un seguro para cada necesidad.<\/p>\n<p>&nbsp;<\/p>\n<p>____<\/p>\n<h6>*<strong>La Cambra de la Propietat Urbana de Girona act\u00faa como auxiliar de mediaci\u00f3n de Cambrassegur, corredoria d\u2019assegurances. Inscrita en el Registre Administratiu Especial de Mediadors d\u2019Assegurances, corredors de reassegurances i llurs alts c\u00e0rrecs, regulado en el l\u2019art. 52 de la Llei 26\/2006 con el n\u00fam. de la D.G.A. J300GC Concertada Asseguran\u00e7a de Responsabilitat Civil i capacitat financera de conformidad con lo que se establece en el art.27 de la Llei 26\/2006<\/strong><\/h6>\n","protected":false},"excerpt":{"rendered":"<p>Seguros de alquiler y comunidades Le ofrecemos lo que necesita para garantizarle su tranquilidad en todo lo que hace referencia a su vivienda alquilada. Nuestros seguros le pueden cubrir los riesgos de impago de rentas, actos vand\u00e1licos, desperfectos en el piso alquilado, gastos para la reclamaci\u00f3n judicial. Usted puede optar por el modelo de seguro [&hellip;]<\/p>\n","protected":false},"author":1,"featured_media":4846,"parent":0,"menu_order":0,"comment_status":"closed","ping_status":"closed","template":"page-lloguercomunitats.php","meta":{"_acf_changed":false,"inline_featured_image":false,"disable_featured_image":false,"footnotes":""},"class_list":["post-726","page","type-page","status-publish","has-post-thumbnail","hentry"],"acf":[],"yoast_head":"<!-- This site is optimized with the Yoast SEO plugin v27.5 - https:\/\/yoast.com\/product\/yoast-seo-wordpress\/ -->\n<title>Seguros de alquiler y de comunicades - Cambra de la Propietat Urbana de Girona<\/title>\n<meta name=\"description\" content=\"Nuestros seguros pueden cubrir riesgos de impago de rentas, desperfectos en el piso arrendado, gastos, etc.\" \/>\n<meta name=\"robots\" content=\"index, follow, max-snippet:-1, max-image-preview:large, max-video-preview:-1\" \/>\n<link rel=\"canonical\" href=\"https:\/\/www.cambrapropietatgirona.com\/es\/seguros-de-alquileres-y-comunidades\/\" \/>\n<meta property=\"og:locale\" content=\"es_ES\" \/>\n<meta property=\"og:type\" content=\"article\" \/>\n<meta property=\"og:title\" content=\"Seguros de alquiler y de comunicades - Cambra de la Propietat Urbana de Girona\" \/>\n<meta property=\"og:description\" content=\"Nuestros seguros pueden cubrir riesgos de impago de rentas, desperfectos en el piso arrendado, gastos, etc.\" \/>\n<meta property=\"og:url\" content=\"https:\/\/www.cambrapropietatgirona.com\/es\/seguros-de-alquileres-y-comunidades\/\" \/>\n<meta property=\"og:site_name\" content=\"Cambra de la Propietat Urbana de Girona\" \/>\n<meta property=\"article:modified_time\" content=\"2026-01-16T07:53:04+00:00\" \/>\n<meta property=\"og:image\" content=\"http:\/\/www.cambrapropietatgirona.com\/wp-content\/uploads\/2024\/02\/assegurances-loguer.jpg\" \/>\n\t<meta property=\"og:image:width\" content=\"640\" \/>\n\t<meta property=\"og:image:height\" content=\"640\" \/>\n\t<meta property=\"og:image:type\" content=\"image\/jpeg\" \/>\n<meta name=\"twitter:card\" content=\"summary_large_image\" \/>\n<meta name=\"twitter:label1\" content=\"Est. reading time\" \/>\n\t<meta name=\"twitter:data1\" content=\"3 minutes\" \/>\n<script type=\"application\/ld+json\" class=\"yoast-schema-graph\">{\"@context\":\"https:\\\/\\\/schema.org\",\"@graph\":[{\"@type\":\"WebPage\",\"@id\":\"https:\\\/\\\/www.cambrapropietatgirona.com\\\/es\\\/seguros-de-alquileres-y-comunidades\\\/\",\"url\":\"https:\\\/\\\/www.cambrapropietatgirona.com\\\/es\\\/seguros-de-alquileres-y-comunidades\\\/\",\"name\":\"Seguros de alquiler y de comunicades - Cambra de la Propietat Urbana de Girona\",\"isPartOf\":{\"@id\":\"https:\\\/\\\/www.cambrapropietatgirona.com\\\/#website\"},\"primaryImageOfPage\":{\"@id\":\"https:\\\/\\\/www.cambrapropietatgirona.com\\\/es\\\/seguros-de-alquileres-y-comunidades\\\/#primaryimage\"},\"image\":{\"@id\":\"https:\\\/\\\/www.cambrapropietatgirona.com\\\/es\\\/seguros-de-alquileres-y-comunidades\\\/#primaryimage\"},\"thumbnailUrl\":\"https:\\\/\\\/www.cambrapropietatgirona.com\\\/wp-content\\\/uploads\\\/2024\\\/02\\\/assegurances-loguer.jpg\",\"datePublished\":\"2017-07-31T10:07:19+00:00\",\"dateModified\":\"2026-01-16T07:53:04+00:00\",\"description\":\"Nuestros seguros pueden cubrir riesgos de impago de rentas, desperfectos en el piso arrendado, gastos, etc.\",\"breadcrumb\":{\"@id\":\"https:\\\/\\\/www.cambrapropietatgirona.com\\\/es\\\/seguros-de-alquileres-y-comunidades\\\/#breadcrumb\"},\"inLanguage\":\"es-ES\",\"potentialAction\":[{\"@type\":\"ReadAction\",\"target\":[\"https:\\\/\\\/www.cambrapropietatgirona.com\\\/es\\\/seguros-de-alquileres-y-comunidades\\\/\"]}]},{\"@type\":\"ImageObject\",\"inLanguage\":\"es-ES\",\"@id\":\"https:\\\/\\\/www.cambrapropietatgirona.com\\\/es\\\/seguros-de-alquileres-y-comunidades\\\/#primaryimage\",\"url\":\"https:\\\/\\\/www.cambrapropietatgirona.com\\\/wp-content\\\/uploads\\\/2024\\\/02\\\/assegurances-loguer.jpg\",\"contentUrl\":\"https:\\\/\\\/www.cambrapropietatgirona.com\\\/wp-content\\\/uploads\\\/2024\\\/02\\\/assegurances-loguer.jpg\",\"width\":640,\"height\":640,\"caption\":\"Assegurances de lloguers i comunitats\"},{\"@type\":\"BreadcrumbList\",\"@id\":\"https:\\\/\\\/www.cambrapropietatgirona.com\\\/es\\\/seguros-de-alquileres-y-comunidades\\\/#breadcrumb\",\"itemListElement\":[{\"@type\":\"ListItem\",\"position\":1,\"name\":\"Inici\",\"item\":\"https:\\\/\\\/www.cambrapropietatgirona.com\\\/\"},{\"@type\":\"ListItem\",\"position\":2,\"name\":\"Seguros de alquiler y comunidades\"}]},{\"@type\":\"WebSite\",\"@id\":\"https:\\\/\\\/www.cambrapropietatgirona.com\\\/#website\",\"url\":\"https:\\\/\\\/www.cambrapropietatgirona.com\\\/\",\"name\":\"Cambra de la Propietat Urbana de Girona\",\"description\":\"Serveis immobiliaris integrals als propietaris\",\"publisher\":{\"@id\":\"https:\\\/\\\/www.cambrapropietatgirona.com\\\/#organization\"},\"potentialAction\":[{\"@type\":\"SearchAction\",\"target\":{\"@type\":\"EntryPoint\",\"urlTemplate\":\"https:\\\/\\\/www.cambrapropietatgirona.com\\\/?s={search_term_string}\"},\"query-input\":{\"@type\":\"PropertyValueSpecification\",\"valueRequired\":true,\"valueName\":\"search_term_string\"}}],\"inLanguage\":\"es-ES\"},{\"@type\":\"Organization\",\"@id\":\"https:\\\/\\\/www.cambrapropietatgirona.com\\\/#organization\",\"name\":\"Cambra de la Propietat Urbana de Girona\",\"url\":\"https:\\\/\\\/www.cambrapropietatgirona.com\\\/\",\"logo\":{\"@type\":\"ImageObject\",\"inLanguage\":\"es-ES\",\"@id\":\"https:\\\/\\\/www.cambrapropietatgirona.com\\\/#\\\/schema\\\/logo\\\/image\\\/\",\"url\":\"https:\\\/\\\/www.cambrapropietatgirona.com\\\/wp-content\\\/uploads\\\/2018\\\/01\\\/favicon.jpg\",\"contentUrl\":\"https:\\\/\\\/www.cambrapropietatgirona.com\\\/wp-content\\\/uploads\\\/2018\\\/01\\\/favicon.jpg\",\"width\":277,\"height\":269,\"caption\":\"Cambra de la Propietat Urbana de Girona\"},\"image\":{\"@id\":\"https:\\\/\\\/www.cambrapropietatgirona.com\\\/#\\\/schema\\\/logo\\\/image\\\/\"}}]}<\/script>\n<!-- \/ Yoast SEO plugin. -->","yoast_head_json":{"title":"Seguros de alquiler y de comunicades - Cambra de la Propietat Urbana de Girona","description":"Nuestros seguros pueden cubrir riesgos de impago de rentas, desperfectos en el piso arrendado, gastos, etc.","robots":{"index":"index","follow":"follow","max-snippet":"max-snippet:-1","max-image-preview":"max-image-preview:large","max-video-preview":"max-video-preview:-1"},"canonical":"https:\/\/www.cambrapropietatgirona.com\/es\/seguros-de-alquileres-y-comunidades\/","og_locale":"es_ES","og_type":"article","og_title":"Seguros de alquiler y de comunicades - Cambra de la Propietat Urbana de Girona","og_description":"Nuestros seguros pueden cubrir riesgos de impago de rentas, desperfectos en el piso arrendado, gastos, etc.","og_url":"https:\/\/www.cambrapropietatgirona.com\/es\/seguros-de-alquileres-y-comunidades\/","og_site_name":"Cambra de la Propietat Urbana de Girona","article_modified_time":"2026-01-16T07:53:04+00:00","og_image":[{"width":640,"height":640,"url":"http:\/\/www.cambrapropietatgirona.com\/wp-content\/uploads\/2024\/02\/assegurances-loguer.jpg","type":"image\/jpeg"}],"twitter_card":"summary_large_image","twitter_misc":{"Est. reading time":"3 minutes"},"schema":{"@context":"https:\/\/schema.org","@graph":[{"@type":"WebPage","@id":"https:\/\/www.cambrapropietatgirona.com\/es\/seguros-de-alquileres-y-comunidades\/","url":"https:\/\/www.cambrapropietatgirona.com\/es\/seguros-de-alquileres-y-comunidades\/","name":"Seguros de alquiler y de comunicades - Cambra de la Propietat Urbana de Girona","isPartOf":{"@id":"https:\/\/www.cambrapropietatgirona.com\/#website"},"primaryImageOfPage":{"@id":"https:\/\/www.cambrapropietatgirona.com\/es\/seguros-de-alquileres-y-comunidades\/#primaryimage"},"image":{"@id":"https:\/\/www.cambrapropietatgirona.com\/es\/seguros-de-alquileres-y-comunidades\/#primaryimage"},"thumbnailUrl":"https:\/\/www.cambrapropietatgirona.com\/wp-content\/uploads\/2024\/02\/assegurances-loguer.jpg","datePublished":"2017-07-31T10:07:19+00:00","dateModified":"2026-01-16T07:53:04+00:00","description":"Nuestros seguros pueden cubrir riesgos de impago de rentas, desperfectos en el piso arrendado, gastos, etc.","breadcrumb":{"@id":"https:\/\/www.cambrapropietatgirona.com\/es\/seguros-de-alquileres-y-comunidades\/#breadcrumb"},"inLanguage":"es-ES","potentialAction":[{"@type":"ReadAction","target":["https:\/\/www.cambrapropietatgirona.com\/es\/seguros-de-alquileres-y-comunidades\/"]}]},{"@type":"ImageObject","inLanguage":"es-ES","@id":"https:\/\/www.cambrapropietatgirona.com\/es\/seguros-de-alquileres-y-comunidades\/#primaryimage","url":"https:\/\/www.cambrapropietatgirona.com\/wp-content\/uploads\/2024\/02\/assegurances-loguer.jpg","contentUrl":"https:\/\/www.cambrapropietatgirona.com\/wp-content\/uploads\/2024\/02\/assegurances-loguer.jpg","width":640,"height":640,"caption":"Assegurances de lloguers i comunitats"},{"@type":"BreadcrumbList","@id":"https:\/\/www.cambrapropietatgirona.com\/es\/seguros-de-alquileres-y-comunidades\/#breadcrumb","itemListElement":[{"@type":"ListItem","position":1,"name":"Inici","item":"https:\/\/www.cambrapropietatgirona.com\/"},{"@type":"ListItem","position":2,"name":"Seguros de alquiler y comunidades"}]},{"@type":"WebSite","@id":"https:\/\/www.cambrapropietatgirona.com\/#website","url":"https:\/\/www.cambrapropietatgirona.com\/","name":"Cambra de la Propietat Urbana de Girona","description":"Serveis immobiliaris integrals als propietaris","publisher":{"@id":"https:\/\/www.cambrapropietatgirona.com\/#organization"},"potentialAction":[{"@type":"SearchAction","target":{"@type":"EntryPoint","urlTemplate":"https:\/\/www.cambrapropietatgirona.com\/?s={search_term_string}"},"query-input":{"@type":"PropertyValueSpecification","valueRequired":true,"valueName":"search_term_string"}}],"inLanguage":"es-ES"},{"@type":"Organization","@id":"https:\/\/www.cambrapropietatgirona.com\/#organization","name":"Cambra de la Propietat Urbana de Girona","url":"https:\/\/www.cambrapropietatgirona.com\/","logo":{"@type":"ImageObject","inLanguage":"es-ES","@id":"https:\/\/www.cambrapropietatgirona.com\/#\/schema\/logo\/image\/","url":"https:\/\/www.cambrapropietatgirona.com\/wp-content\/uploads\/2018\/01\/favicon.jpg","contentUrl":"https:\/\/www.cambrapropietatgirona.com\/wp-content\/uploads\/2018\/01\/favicon.jpg","width":277,"height":269,"caption":"Cambra de la Propietat Urbana de Girona"},"image":{"@id":"https:\/\/www.cambrapropietatgirona.com\/#\/schema\/logo\/image\/"}}]}},"_links":{"self":[{"href":"https:\/\/www.cambrapropietatgirona.com\/es\/wp-json\/wp\/v2\/pages\/726","targetHints":{"allow":["GET"]}}],"collection":[{"href":"https:\/\/www.cambrapropietatgirona.com\/es\/wp-json\/wp\/v2\/pages"}],"about":[{"href":"https:\/\/www.cambrapropietatgirona.com\/es\/wp-json\/wp\/v2\/types\/page"}],"author":[{"embeddable":true,"href":"https:\/\/www.cambrapropietatgirona.com\/es\/wp-json\/wp\/v2\/users\/1"}],"replies":[{"embeddable":true,"href":"https:\/\/www.cambrapropietatgirona.com\/es\/wp-json\/wp\/v2\/comments?post=726"}],"version-history":[{"count":19,"href":"https:\/\/www.cambrapropietatgirona.com\/es\/wp-json\/wp\/v2\/pages\/726\/revisions"}],"predecessor-version":[{"id":4843,"href":"https:\/\/www.cambrapropietatgirona.com\/es\/wp-json\/wp\/v2\/pages\/726\/revisions\/4843"}],"wp:featuredmedia":[{"embeddable":true,"href":"https:\/\/www.cambrapropietatgirona.com\/es\/wp-json\/wp\/v2\/media\/4846"}],"wp:attachment":[{"href":"https:\/\/www.cambrapropietatgirona.com\/es\/wp-json\/wp\/v2\/media?parent=726"}],"curies":[{"name":"wp","href":"https:\/\/api.w.org\/{rel}","templated":true}]}}