{"id":5457,"date":"2024-10-14T10:32:40","date_gmt":"2024-10-14T08:32:40","guid":{"rendered":"https:\/\/www.cambrapropietatgirona.com\/?page_id=5457"},"modified":"2026-01-16T09:56:57","modified_gmt":"2026-01-16T08:56:57","slug":"trabaja-con-nosotros","status":"publish","type":"page","link":"https:\/\/www.cambrapropietatgirona.com\/es\/trabaja-con-nosotros\/","title":{"rendered":"Trabaja con nosotros"},"content":{"rendered":"\n<div class=\"wp-block-group is-vertical is-layout-flex wp-container-core-group-is-layout-8cf370e7 wp-block-group-is-layout-flex\">\n<div class=\"wp-block-group\"><div class=\"wp-block-group__inner-container is-layout-constrained wp-block-group-is-layout-constrained\">\n<div class=\"wp-block-group\"><div class=\"wp-block-group__inner-container is-layout-constrained wp-block-group-is-layout-constrained\">\n<div class=\"wp-block-group\"><div class=\"wp-block-group__inner-container is-layout-constrained wp-block-group-is-layout-constrained\">\n<div class=\"wp-block-group grup-treballa-nosaltres\"><div class=\"wp-block-group__inner-container is-layout-constrained wp-block-group-is-layout-constrained\">\n<p style=\"font-size:42px\"><strong>\u00danete a nuestro Equipo!<\/strong><\/p>\n\n\n\n<p class=\"text-treballa-nosaltres\" style=\"font-size:28px\">Trabaja con nosotros. Si eres un profesional especializado en una de estas \u00e1reas, llena el formulario y adjunta tu curr\u00edculum. Seleccionamos los mejores profesionales para formar parte de nuestro equipo.<\/p>\n\n\n\n<ul style=\"font-size:20px\" class=\"wp-block-list llista-treballa-nosaltres\">\n<li>Agencia Inmobiliaria<\/li>\n\n\n\n<li>Administraci\u00f3n de Fincas<\/li>\n\n\n\n<li>Comunidades de Propietarios<\/li>\n\n\n\n<li>Arquitectura y Oficina T\u00e9cnica<\/li>\n\n\n\n<li>Asesor\u00eda Jur\u00eddica<\/li>\n<\/ul>\n\n\n\n<div style=\"height:76px\" aria-hidden=\"true\" class=\"wp-block-spacer\"><\/div>\n\n\n\n<p class=\"text2-treballa-nosaltres\" style=\"font-size:30px\">Formulario de solicitud de trabajo<\/p>\n\n\n\n<hr class=\"wp-block-separator has-alpha-channel-opacity separador-treballa-nosaltres\"\/>\n\n\n\n<p class=\"text3-treballa-nosaltres\" style=\"font-size:21px\">Si est\u00e1is interesados a uniros a nuestro equipo, os invitamos a llenar nuestro formulario. Aseguraos de incluir vuestro curr\u00edculum (CV), donde se destaquen las votres habilidades y experiencia relevantes. Revisaremos todas las solicitudes con cuidado y nos pondremos en contacto con los candidatos que cumplan con nuestros requisitos.<\/p>\n\n\n\n<div class=\"wpcf7 no-js\" id=\"wpcf7-f5461-o1\" lang=\"ca\" dir=\"ltr\" data-wpcf7-id=\"5461\">\n<div class=\"screen-reader-response\"><p role=\"status\" aria-live=\"polite\" aria-atomic=\"true\"><\/p> <ul><\/ul><\/div>\n<form action=\"\/es\/wp-json\/wp\/v2\/pages\/5457#wpcf7-f5461-o1\" method=\"post\" class=\"wpcf7-form init form-treball\" aria-label=\"Contact form\" enctype=\"multipart\/form-data\" novalidate=\"novalidate\" data-status=\"init\">\n<fieldset class=\"hidden-fields-container\"><input type=\"hidden\" name=\"_wpcf7\" value=\"5461\" \/><input type=\"hidden\" name=\"_wpcf7_version\" value=\"6.1.5\" \/><input type=\"hidden\" name=\"_wpcf7_locale\" value=\"ca\" \/><input type=\"hidden\" name=\"_wpcf7_unit_tag\" value=\"wpcf7-f5461-o1\" \/><input type=\"hidden\" name=\"_wpcf7_container_post\" value=\"0\" \/><input type=\"hidden\" name=\"_wpcf7_posted_data_hash\" value=\"\" \/><input type=\"hidden\" name=\"_wpcf7_recaptcha_response\" value=\"\" \/>\n<\/fieldset>\n<p><label class=\"nom-treballa-nosaltres\"><br \/>\n<span class=\"wpcf7-form-control-wrap\" data-name=\"your-name\"><input size=\"40\" maxlength=\"400\" class=\"wpcf7-form-control wpcf7-text wpcf7-validates-as-required\" aria-required=\"true\" aria-invalid=\"false\" placeholder=\"Nombre*\" value=\"\" type=\"text\" name=\"your-name\" \/><\/span><br \/>\n<\/label>\n<\/p>\n<p><label class=\"email-treballa-nosaltres\"><br \/>\n<span class=\"wpcf7-form-control-wrap\" data-name=\"your-email\"><input size=\"40\" maxlength=\"400\" class=\"wpcf7-form-control wpcf7-email wpcf7-validates-as-required wpcf7-text wpcf7-validates-as-email\" aria-required=\"true\" aria-invalid=\"false\" placeholder=\"Email*\" value=\"\" type=\"email\" name=\"your-email\" \/><\/span><br \/>\n<\/label>\n<\/p>\n<p><label class=\"telefon-treballa-nosaltres\"><br \/>\n<span class=\"wpcf7-form-control-wrap\" data-name=\"your-phone\"><input size=\"40\" maxlength=\"400\" class=\"wpcf7-form-control wpcf7-tel wpcf7-text wpcf7-validates-as-tel\" aria-invalid=\"false\" placeholder=\"Tel\u00e9fono\" value=\"\" type=\"tel\" name=\"your-phone\" \/><\/span><br \/>\n<\/label>\n<\/p>\n<p><label class=\"professio-treballa-nosaltres\"><br \/>\n<span class=\"wpcf7-form-control-wrap\" data-name=\"your-profession\"><input size=\"40\" maxlength=\"400\" class=\"wpcf7-form-control wpcf7-text wpcf7-validates-as-required\" aria-required=\"true\" aria-invalid=\"false\" placeholder=\"Profesi\u00f3n*\" value=\"\" type=\"text\" name=\"your-profession\" \/><\/span><br \/>\n<\/label><br \/>\n<label class=\"custom-file-upload\"><br \/>\n<span class=\"wpcf7-form-control-wrap\" data-name=\"file-292\"><input size=\"40\" class=\"wpcf7-form-control wpcf7-file custom-file\" id=\"custom-file\" accept=\"audio\/*,video\/*,image\/*\" aria-invalid=\"false\" type=\"file\" name=\"file-292\" \/><\/span><br \/>\n<span class=\"file-placeholder\" id=\"file-placeholder\">Selecciona un archivo <img decoding=\"async\" src=\"\/wp-content\/uploads\/2024\/10\/upload-1.png\" \/><\/span><br \/>\n<\/label>\n<\/p>\n<div class=\"accept-boto-treball\">\n\t<p><label><br \/>\n<span class=\"wpcf7-form-control-wrap\" data-name=\"acceptance-588\"><span class=\"wpcf7-form-control wpcf7-acceptance\"><span class=\"wpcf7-list-item\"><label><input type=\"checkbox\" name=\"acceptance-588\" value=\"1\" aria-invalid=\"false\" \/><span class=\"wpcf7-list-item-label\">Acepto los<\/span><\/label><\/span><\/span><\/span> <a href=\"https:\/\/www.cambrapropietatgirona.com\/politica-de-privacitat-de-dades\/\" target=\"_blank\">t\u00e9rminos y condiciones<\/a><br \/>\n<\/label>\n\t<\/p>\n\t<p><label class=\"boto-form-treball\"><br \/>\n<input class=\"wpcf7-form-control wpcf7-submit has-spinner\" type=\"submit\" value=\"ENVIAR\" \/><br \/>\n<\/label>\n\t<\/p>\n<\/div><p style=\"display: none !important;\" class=\"akismet-fields-container\" data-prefix=\"_wpcf7_ak_\"><label>&#916;<textarea name=\"_wpcf7_ak_hp_textarea\" cols=\"45\" rows=\"8\" maxlength=\"100\"><\/textarea><\/label><input type=\"hidden\" id=\"ak_js_1\" name=\"_wpcf7_ak_js\" value=\"2\"\/><script type=\"text\/javascript\">\n\/* <![CDATA[ *\/\ndocument.getElementById( \"ak_js_1\" ).setAttribute( \"value\", ( new Date() ).getTime() );\n\/* ]]> *\/\n<\/script>\n<\/p><div class=\"wpcf7-response-output\" aria-hidden=\"true\"><\/div>\n<\/form>\n<\/div>\n\n<\/div><\/div>\n<\/div><\/div>\n<\/div><\/div>\n<\/div><\/div>\n<\/div>\n\n\n\n<div class=\"wp-block-cover is-light imatge-treballa-amb-nosaltres\" style=\"min-height:563px;aspect-ratio:unset;\"><img loading=\"lazy\" decoding=\"async\" width=\"726\" height=\"489\" class=\"wp-block-cover__image-background wp-image-5414\" alt=\"\" src=\"http:\/\/www.cambrapropietatgirona.com\/wp-content\/uploads\/2024\/10\/Captura-de-pantalla-2024-10-11-154227.png\" style=\"object-position:50% 50%\" data-object-fit=\"cover\" data-object-position=\"50% 50%\" srcset=\"https:\/\/www.cambrapropietatgirona.com\/wp-content\/uploads\/2024\/10\/Captura-de-pantalla-2024-10-11-154227.png 726w, https:\/\/www.cambrapropietatgirona.com\/wp-content\/uploads\/2024\/10\/Captura-de-pantalla-2024-10-11-154227-300x202.png 300w\" sizes=\"auto, (max-width: 726px) 100vw, 726px\" \/><span aria-hidden=\"true\" class=\"wp-block-cover__background has-white-background-color has-background-dim-0 has-background-dim\"><\/span><div class=\"wp-block-cover__inner-container is-layout-constrained wp-block-cover-is-layout-constrained\">\n<p class=\"has-text-align-left text-imatge-treballa-amb-nosaltres\">Agradecemos vuestro inter\u00e9s a ser parte de la C\u00e1mara de la Propiedad Urbana de Girona. Esperamos conoceros pronto y explorar como, juntos, podemos continuar haciendo la diferencia en nuestra comunidad.<\/p>\n<\/div><\/div>\n","protected":false},"excerpt":{"rendered":"<p>\u00danete a nuestro Equipo! Trabaja con nosotros. Si eres un profesional especializado en una de estas \u00e1reas, llena el formulario y adjunta tu curr\u00edculum. Seleccionamos los mejores profesionales para formar parte de nuestro equipo. Formulario de solicitud de trabajo Si est\u00e1is interesados a uniros a nuestro equipo, os invitamos a llenar nuestro formulario. Aseguraos de [&hellip;]<\/p>\n","protected":false},"author":1,"featured_media":6165,"parent":0,"menu_order":0,"comment_status":"closed","ping_status":"closed","template":"page-finques.php","meta":{"_acf_changed":false,"inline_featured_image":false,"disable_featured_image":false,"footnotes":""},"class_list":["post-5457","page","type-page","status-publish","has-post-thumbnail","hentry"],"acf":[],"yoast_head":"<!-- This site is optimized with the Yoast SEO plugin v27.5 - https:\/\/yoast.com\/product\/yoast-seo-wordpress\/ -->\n<title>Trabaja con nosotros - Cambra de la Propietat Urbana de Girona<\/title>\n<meta name=\"description\" content=\"Trabaja con nosotros: si eres un profesional especializado en una de estas \u00e1reas, llena el formulario y adjunta tu curr\u00edculum.\" \/>\n<meta name=\"robots\" content=\"index, follow, max-snippet:-1, max-image-preview:large, max-video-preview:-1\" \/>\n<link rel=\"canonical\" href=\"https:\/\/www.cambrapropietatgirona.com\/es\/trabaja-con-nosotros\/\" \/>\n<meta property=\"og:locale\" content=\"es_ES\" \/>\n<meta property=\"og:type\" content=\"article\" \/>\n<meta property=\"og:title\" content=\"Trabaja con nosotros - Cambra de la Propietat Urbana de Girona\" \/>\n<meta property=\"og:description\" content=\"Trabaja con nosotros: si eres un profesional especializado en una de estas \u00e1reas, llena el formulario y adjunta tu curr\u00edculum.\" \/>\n<meta property=\"og:url\" content=\"https:\/\/www.cambrapropietatgirona.com\/es\/trabaja-con-nosotros\/\" \/>\n<meta property=\"og:site_name\" content=\"Cambra de la Propietat Urbana de Girona\" \/>\n<meta property=\"article:modified_time\" content=\"2026-01-16T08:56:57+00:00\" \/>\n<meta property=\"og:image\" content=\"http:\/\/www.cambrapropietatgirona.com\/wp-content\/uploads\/2026\/01\/designer-teamwork-or-employees-high-five-for-meet-2026-01-09-09-11-50-utc-copia.jpg\" \/>\n\t<meta property=\"og:image:width\" content=\"894\" \/>\n\t<meta property=\"og:image:height\" content=\"673\" \/>\n\t<meta property=\"og:image:type\" content=\"image\/jpeg\" \/>\n<meta name=\"twitter:card\" content=\"summary_large_image\" \/>\n<meta name=\"twitter:label1\" content=\"Est. reading time\" \/>\n\t<meta name=\"twitter:data1\" content=\"2 minutes\" \/>\n<script type=\"application\/ld+json\" class=\"yoast-schema-graph\">{\"@context\":\"https:\\\/\\\/schema.org\",\"@graph\":[{\"@type\":\"WebPage\",\"@id\":\"https:\\\/\\\/www.cambrapropietatgirona.com\\\/es\\\/trabaja-con-nosotros\\\/\",\"url\":\"https:\\\/\\\/www.cambrapropietatgirona.com\\\/es\\\/trabaja-con-nosotros\\\/\",\"name\":\"Trabaja con nosotros - Cambra de la Propietat Urbana de Girona\",\"isPartOf\":{\"@id\":\"https:\\\/\\\/www.cambrapropietatgirona.com\\\/#website\"},\"primaryImageOfPage\":{\"@id\":\"https:\\\/\\\/www.cambrapropietatgirona.com\\\/es\\\/trabaja-con-nosotros\\\/#primaryimage\"},\"image\":{\"@id\":\"https:\\\/\\\/www.cambrapropietatgirona.com\\\/es\\\/trabaja-con-nosotros\\\/#primaryimage\"},\"thumbnailUrl\":\"https:\\\/\\\/www.cambrapropietatgirona.com\\\/wp-content\\\/uploads\\\/2026\\\/01\\\/designer-teamwork-or-employees-high-five-for-meet-2026-01-09-09-11-50-utc-copia.jpg\",\"datePublished\":\"2024-10-14T08:32:40+00:00\",\"dateModified\":\"2026-01-16T08:56:57+00:00\",\"description\":\"Trabaja con nosotros: si eres un profesional especializado en una de estas \u00e1reas, llena el formulario y adjunta tu curr\u00edculum.\",\"breadcrumb\":{\"@id\":\"https:\\\/\\\/www.cambrapropietatgirona.com\\\/es\\\/trabaja-con-nosotros\\\/#breadcrumb\"},\"inLanguage\":\"es-ES\",\"potentialAction\":[{\"@type\":\"ReadAction\",\"target\":[\"https:\\\/\\\/www.cambrapropietatgirona.com\\\/es\\\/trabaja-con-nosotros\\\/\"]}]},{\"@type\":\"ImageObject\",\"inLanguage\":\"es-ES\",\"@id\":\"https:\\\/\\\/www.cambrapropietatgirona.com\\\/es\\\/trabaja-con-nosotros\\\/#primaryimage\",\"url\":\"https:\\\/\\\/www.cambrapropietatgirona.com\\\/wp-content\\\/uploads\\\/2026\\\/01\\\/designer-teamwork-or-employees-high-five-for-meet-2026-01-09-09-11-50-utc-copia.jpg\",\"contentUrl\":\"https:\\\/\\\/www.cambrapropietatgirona.com\\\/wp-content\\\/uploads\\\/2026\\\/01\\\/designer-teamwork-or-employees-high-five-for-meet-2026-01-09-09-11-50-utc-copia.jpg\",\"width\":894,\"height\":673,\"caption\":\"Designer, teamwork or employees high five for meeting kpi goals, sales target success or group achi.\"},{\"@type\":\"BreadcrumbList\",\"@id\":\"https:\\\/\\\/www.cambrapropietatgirona.com\\\/es\\\/trabaja-con-nosotros\\\/#breadcrumb\",\"itemListElement\":[{\"@type\":\"ListItem\",\"position\":1,\"name\":\"Inici\",\"item\":\"https:\\\/\\\/www.cambrapropietatgirona.com\\\/\"},{\"@type\":\"ListItem\",\"position\":2,\"name\":\"Trabaja con nosotros\"}]},{\"@type\":\"WebSite\",\"@id\":\"https:\\\/\\\/www.cambrapropietatgirona.com\\\/#website\",\"url\":\"https:\\\/\\\/www.cambrapropietatgirona.com\\\/\",\"name\":\"Cambra de la Propietat Urbana de Girona\",\"description\":\"Serveis immobiliaris integrals als propietaris\",\"publisher\":{\"@id\":\"https:\\\/\\\/www.cambrapropietatgirona.com\\\/#organization\"},\"potentialAction\":[{\"@type\":\"SearchAction\",\"target\":{\"@type\":\"EntryPoint\",\"urlTemplate\":\"https:\\\/\\\/www.cambrapropietatgirona.com\\\/?s={search_term_string}\"},\"query-input\":{\"@type\":\"PropertyValueSpecification\",\"valueRequired\":true,\"valueName\":\"search_term_string\"}}],\"inLanguage\":\"es-ES\"},{\"@type\":\"Organization\",\"@id\":\"https:\\\/\\\/www.cambrapropietatgirona.com\\\/#organization\",\"name\":\"Cambra de la Propietat Urbana de Girona\",\"url\":\"https:\\\/\\\/www.cambrapropietatgirona.com\\\/\",\"logo\":{\"@type\":\"ImageObject\",\"inLanguage\":\"es-ES\",\"@id\":\"https:\\\/\\\/www.cambrapropietatgirona.com\\\/#\\\/schema\\\/logo\\\/image\\\/\",\"url\":\"https:\\\/\\\/www.cambrapropietatgirona.com\\\/wp-content\\\/uploads\\\/2018\\\/01\\\/favicon.jpg\",\"contentUrl\":\"https:\\\/\\\/www.cambrapropietatgirona.com\\\/wp-content\\\/uploads\\\/2018\\\/01\\\/favicon.jpg\",\"width\":277,\"height\":269,\"caption\":\"Cambra de la Propietat Urbana de Girona\"},\"image\":{\"@id\":\"https:\\\/\\\/www.cambrapropietatgirona.com\\\/#\\\/schema\\\/logo\\\/image\\\/\"}}]}<\/script>\n<!-- \/ Yoast SEO plugin. -->","yoast_head_json":{"title":"Trabaja con nosotros - Cambra de la Propietat Urbana de Girona","description":"Trabaja con nosotros: si eres un profesional especializado en una de estas \u00e1reas, llena el formulario y adjunta tu curr\u00edculum.","robots":{"index":"index","follow":"follow","max-snippet":"max-snippet:-1","max-image-preview":"max-image-preview:large","max-video-preview":"max-video-preview:-1"},"canonical":"https:\/\/www.cambrapropietatgirona.com\/es\/trabaja-con-nosotros\/","og_locale":"es_ES","og_type":"article","og_title":"Trabaja con nosotros - Cambra de la Propietat Urbana de Girona","og_description":"Trabaja con nosotros: si eres un profesional especializado en una de estas \u00e1reas, llena el formulario y adjunta tu curr\u00edculum.","og_url":"https:\/\/www.cambrapropietatgirona.com\/es\/trabaja-con-nosotros\/","og_site_name":"Cambra de la Propietat Urbana de Girona","article_modified_time":"2026-01-16T08:56:57+00:00","og_image":[{"width":894,"height":673,"url":"http:\/\/www.cambrapropietatgirona.com\/wp-content\/uploads\/2026\/01\/designer-teamwork-or-employees-high-five-for-meet-2026-01-09-09-11-50-utc-copia.jpg","type":"image\/jpeg"}],"twitter_card":"summary_large_image","twitter_misc":{"Est. reading time":"2 minutes"},"schema":{"@context":"https:\/\/schema.org","@graph":[{"@type":"WebPage","@id":"https:\/\/www.cambrapropietatgirona.com\/es\/trabaja-con-nosotros\/","url":"https:\/\/www.cambrapropietatgirona.com\/es\/trabaja-con-nosotros\/","name":"Trabaja con nosotros - Cambra de la Propietat Urbana de Girona","isPartOf":{"@id":"https:\/\/www.cambrapropietatgirona.com\/#website"},"primaryImageOfPage":{"@id":"https:\/\/www.cambrapropietatgirona.com\/es\/trabaja-con-nosotros\/#primaryimage"},"image":{"@id":"https:\/\/www.cambrapropietatgirona.com\/es\/trabaja-con-nosotros\/#primaryimage"},"thumbnailUrl":"https:\/\/www.cambrapropietatgirona.com\/wp-content\/uploads\/2026\/01\/designer-teamwork-or-employees-high-five-for-meet-2026-01-09-09-11-50-utc-copia.jpg","datePublished":"2024-10-14T08:32:40+00:00","dateModified":"2026-01-16T08:56:57+00:00","description":"Trabaja con nosotros: si eres un profesional especializado en una de estas \u00e1reas, llena el formulario y adjunta tu curr\u00edculum.","breadcrumb":{"@id":"https:\/\/www.cambrapropietatgirona.com\/es\/trabaja-con-nosotros\/#breadcrumb"},"inLanguage":"es-ES","potentialAction":[{"@type":"ReadAction","target":["https:\/\/www.cambrapropietatgirona.com\/es\/trabaja-con-nosotros\/"]}]},{"@type":"ImageObject","inLanguage":"es-ES","@id":"https:\/\/www.cambrapropietatgirona.com\/es\/trabaja-con-nosotros\/#primaryimage","url":"https:\/\/www.cambrapropietatgirona.com\/wp-content\/uploads\/2026\/01\/designer-teamwork-or-employees-high-five-for-meet-2026-01-09-09-11-50-utc-copia.jpg","contentUrl":"https:\/\/www.cambrapropietatgirona.com\/wp-content\/uploads\/2026\/01\/designer-teamwork-or-employees-high-five-for-meet-2026-01-09-09-11-50-utc-copia.jpg","width":894,"height":673,"caption":"Designer, teamwork or employees high five for meeting kpi goals, sales target success or group achi."},{"@type":"BreadcrumbList","@id":"https:\/\/www.cambrapropietatgirona.com\/es\/trabaja-con-nosotros\/#breadcrumb","itemListElement":[{"@type":"ListItem","position":1,"name":"Inici","item":"https:\/\/www.cambrapropietatgirona.com\/"},{"@type":"ListItem","position":2,"name":"Trabaja con nosotros"}]},{"@type":"WebSite","@id":"https:\/\/www.cambrapropietatgirona.com\/#website","url":"https:\/\/www.cambrapropietatgirona.com\/","name":"Cambra de la Propietat Urbana de Girona","description":"Serveis immobiliaris integrals als propietaris","publisher":{"@id":"https:\/\/www.cambrapropietatgirona.com\/#organization"},"potentialAction":[{"@type":"SearchAction","target":{"@type":"EntryPoint","urlTemplate":"https:\/\/www.cambrapropietatgirona.com\/?s={search_term_string}"},"query-input":{"@type":"PropertyValueSpecification","valueRequired":true,"valueName":"search_term_string"}}],"inLanguage":"es-ES"},{"@type":"Organization","@id":"https:\/\/www.cambrapropietatgirona.com\/#organization","name":"Cambra de la Propietat Urbana de Girona","url":"https:\/\/www.cambrapropietatgirona.com\/","logo":{"@type":"ImageObject","inLanguage":"es-ES","@id":"https:\/\/www.cambrapropietatgirona.com\/#\/schema\/logo\/image\/","url":"https:\/\/www.cambrapropietatgirona.com\/wp-content\/uploads\/2018\/01\/favicon.jpg","contentUrl":"https:\/\/www.cambrapropietatgirona.com\/wp-content\/uploads\/2018\/01\/favicon.jpg","width":277,"height":269,"caption":"Cambra de la Propietat Urbana de Girona"},"image":{"@id":"https:\/\/www.cambrapropietatgirona.com\/#\/schema\/logo\/image\/"}}]}},"_links":{"self":[{"href":"https:\/\/www.cambrapropietatgirona.com\/es\/wp-json\/wp\/v2\/pages\/5457","targetHints":{"allow":["GET"]}}],"collection":[{"href":"https:\/\/www.cambrapropietatgirona.com\/es\/wp-json\/wp\/v2\/pages"}],"about":[{"href":"https:\/\/www.cambrapropietatgirona.com\/es\/wp-json\/wp\/v2\/types\/page"}],"author":[{"embeddable":true,"href":"https:\/\/www.cambrapropietatgirona.com\/es\/wp-json\/wp\/v2\/users\/1"}],"replies":[{"embeddable":true,"href":"https:\/\/www.cambrapropietatgirona.com\/es\/wp-json\/wp\/v2\/comments?post=5457"}],"version-history":[{"count":5,"href":"https:\/\/www.cambrapropietatgirona.com\/es\/wp-json\/wp\/v2\/pages\/5457\/revisions"}],"predecessor-version":[{"id":6190,"href":"https:\/\/www.cambrapropietatgirona.com\/es\/wp-json\/wp\/v2\/pages\/5457\/revisions\/6190"}],"wp:featuredmedia":[{"embeddable":true,"href":"https:\/\/www.cambrapropietatgirona.com\/es\/wp-json\/wp\/v2\/media\/6165"}],"wp:attachment":[{"href":"https:\/\/www.cambrapropietatgirona.com\/es\/wp-json\/wp\/v2\/media?parent=5457"}],"curies":[{"name":"wp","href":"https:\/\/api.w.org\/{rel}","templated":true}]}}